{"id":2414,"date":"2019-09-25T14:18:38","date_gmt":"2019-09-25T12:18:38","guid":{"rendered":"https:\/\/www.moblesurgell.com\/es\/?post_type=portfolio&#038;p=2414"},"modified":"2023-05-16T14:22:23","modified_gmt":"2023-05-16T12:22:23","slug":"titulo-en-castellano","status":"publish","type":"portfolio","link":"https:\/\/www.moblesurgell.com\/es\/portfolio\/titulo-en-castellano\/","title":{"rendered":"CASA DE MONTA\u00d1A"},"content":{"rendered":"\t\t<div data-elementor-type=\"wp-post\" data-elementor-id=\"2414\" class=\"elementor elementor-2414\" data-elementor-post-type=\"portfolio\">\n\t\t\t\t\t\t<section class=\"has_ae_slider elementor-section elementor-top-section elementor-element elementor-element-444af9fe seccio_foto_100_projecte elementor-section-boxed elementor-section-height-default elementor-section-height-default ae-bg-gallery-type-default\" data-id=\"444af9fe\" data-element_type=\"section\" data-e-type=\"section\">\n\t\t\t\t\t\t<div class=\"elementor-container elementor-column-gap-default\">\n\t\t\t\t\t<div class=\"has_ae_slider elementor-column elementor-col-100 elementor-top-column elementor-element elementor-element-22568e07 ae-bg-gallery-type-default\" data-id=\"22568e07\" data-element_type=\"column\" data-e-type=\"column\">\n\t\t\t<div class=\"elementor-widget-wrap elementor-element-populated\">\n\t\t\t\t\t\t<div class=\"elementor-element elementor-element-5e8712a5 elementor-widget elementor-widget-image\" data-id=\"5e8712a5\" data-element_type=\"widget\" data-e-type=\"widget\" data-widget_type=\"image.default\">\n\t\t\t\t<div class=\"elementor-widget-container\">\n\t\t\t\t\t\t\t\t\t\t\t\t\t\t\t<img fetchpriority=\"high\" decoding=\"async\" width=\"1440\" height=\"1800\" src=\"https:\/\/www.moblesurgell.com\/es\/wp-content\/uploads\/sites\/2\/133879608-5047594651949899-5140193585203345014-o.jpg\" class=\"attachment-full size-full wp-image-2545\" alt=\"\" srcset=\"https:\/\/www.moblesurgell.com\/es\/wp-content\/uploads\/sites\/2\/133879608-5047594651949899-5140193585203345014-o.jpg 1440w, https:\/\/www.moblesurgell.com\/es\/wp-content\/uploads\/sites\/2\/133879608-5047594651949899-5140193585203345014-o-240x300.jpg 240w, https:\/\/www.moblesurgell.com\/es\/wp-content\/uploads\/sites\/2\/133879608-5047594651949899-5140193585203345014-o-819x1024.jpg 819w, https:\/\/www.moblesurgell.com\/es\/wp-content\/uploads\/sites\/2\/133879608-5047594651949899-5140193585203345014-o-768x960.jpg 768w, https:\/\/www.moblesurgell.com\/es\/wp-content\/uploads\/sites\/2\/133879608-5047594651949899-5140193585203345014-o-1229x1536.jpg 1229w\" sizes=\"(max-width: 1440px) 100vw, 1440px\" \/>\t\t\t\t\t\t\t\t\t\t\t\t\t\t\t<\/div>\n\t\t\t\t<\/div>\n\t\t\t\t\t<\/div>\n\t\t<\/div>\n\t\t\t\t\t<\/div>\n\t\t<\/section>\n\t\t\t\t<section class=\"has_ae_slider elementor-section elementor-top-section elementor-element elementor-element-b688a3a elementor-section-boxed elementor-section-height-default elementor-section-height-default ae-bg-gallery-type-default\" data-id=\"b688a3a\" data-element_type=\"section\" data-e-type=\"section\">\n\t\t\t\t\t\t<div class=\"elementor-container elementor-column-gap-default\">\n\t\t\t\t\t<div class=\"has_ae_slider elementor-column elementor-col-100 elementor-top-column elementor-element elementor-element-d63bf50 ae-bg-gallery-type-default\" data-id=\"d63bf50\" data-element_type=\"column\" data-e-type=\"column\">\n\t\t\t<div class=\"elementor-widget-wrap elementor-element-populated\">\n\t\t\t\t\t\t<div class=\"elementor-element elementor-element-4389dcb elementor-widget elementor-widget-image\" data-id=\"4389dcb\" data-element_type=\"widget\" data-e-type=\"widget\" data-widget_type=\"image.default\">\n\t\t\t\t<div class=\"elementor-widget-container\">\n\t\t\t\t\t\t\t\t\t\t\t\t\t\t\t<img decoding=\"async\" width=\"2560\" height=\"1918\" src=\"https:\/\/www.moblesurgell.com\/es\/wp-content\/uploads\/sites\/2\/nombre-del-documento-2-5-scaled.jpg\" class=\"attachment-full size-full wp-image-2543\" alt=\"\" srcset=\"https:\/\/www.moblesurgell.com\/es\/wp-content\/uploads\/sites\/2\/nombre-del-documento-2-5-scaled.jpg 2560w, https:\/\/www.moblesurgell.com\/es\/wp-content\/uploads\/sites\/2\/nombre-del-documento-2-5-300x225.jpg 300w, https:\/\/www.moblesurgell.com\/es\/wp-content\/uploads\/sites\/2\/nombre-del-documento-2-5-1024x767.jpg 1024w, https:\/\/www.moblesurgell.com\/es\/wp-content\/uploads\/sites\/2\/nombre-del-documento-2-5-768x575.jpg 768w, https:\/\/www.moblesurgell.com\/es\/wp-content\/uploads\/sites\/2\/nombre-del-documento-2-5-1536x1151.jpg 1536w, https:\/\/www.moblesurgell.com\/es\/wp-content\/uploads\/sites\/2\/nombre-del-documento-2-5-2048x1534.jpg 2048w\" sizes=\"(max-width: 2560px) 100vw, 2560px\" \/>\t\t\t\t\t\t\t\t\t\t\t\t\t\t\t<\/div>\n\t\t\t\t<\/div>\n\t\t\t\t\t<\/div>\n\t\t<\/div>\n\t\t\t\t\t<\/div>\n\t\t<\/section>\n\t\t\t\t<section class=\"has_ae_slider elementor-section elementor-top-section elementor-element elementor-element-45032c88 seccio_2fotos_50-50_projecte elementor-section-height-min-height elementor-section-items-stretch elementor-section-boxed elementor-section-height-default ae-bg-gallery-type-default\" data-id=\"45032c88\" data-element_type=\"section\" data-e-type=\"section\">\n\t\t\t\t\t\t<div class=\"elementor-container elementor-column-gap-default\">\n\t\t\t\t\t<div class=\"has_ae_slider elementor-column elementor-col-50 elementor-top-column elementor-element elementor-element-3e0d5233 column1-50 ae-bg-gallery-type-default\" data-id=\"3e0d5233\" data-element_type=\"column\" data-e-type=\"column\" data-settings=\"{&quot;background_background&quot;:&quot;classic&quot;}\">\n\t\t\t<div class=\"elementor-widget-wrap elementor-element-populated\">\n\t\t\t\t\t\t<div class=\"elementor-element elementor-element-489245f3 elementor-hidden-desktop elementor-hidden-tablet elementor-widget elementor-widget-image\" data-id=\"489245f3\" data-element_type=\"widget\" data-e-type=\"widget\" data-widget_type=\"image.default\">\n\t\t\t\t<div class=\"elementor-widget-container\">\n\t\t\t\t\t\t\t\t\t\t\t\t\t\t\t<img decoding=\"async\" width=\"1512\" height=\"2560\" src=\"https:\/\/www.moblesurgell.com\/es\/wp-content\/uploads\/sites\/2\/nombre-del-documento-2-scaled.jpg\" class=\"attachment-full size-full wp-image-2544\" alt=\"\" srcset=\"https:\/\/www.moblesurgell.com\/es\/wp-content\/uploads\/sites\/2\/nombre-del-documento-2-scaled.jpg 1512w, https:\/\/www.moblesurgell.com\/es\/wp-content\/uploads\/sites\/2\/nombre-del-documento-2-177x300.jpg 177w, https:\/\/www.moblesurgell.com\/es\/wp-content\/uploads\/sites\/2\/nombre-del-documento-2-605x1024.jpg 605w, https:\/\/www.moblesurgell.com\/es\/wp-content\/uploads\/sites\/2\/nombre-del-documento-2-768x1301.jpg 768w, https:\/\/www.moblesurgell.com\/es\/wp-content\/uploads\/sites\/2\/nombre-del-documento-2-907x1536.jpg 907w, https:\/\/www.moblesurgell.com\/es\/wp-content\/uploads\/sites\/2\/nombre-del-documento-2-1209x2048.jpg 1209w\" sizes=\"(max-width: 1512px) 100vw, 1512px\" \/>\t\t\t\t\t\t\t\t\t\t\t\t\t\t\t<\/div>\n\t\t\t\t<\/div>\n\t\t\t\t\t<\/div>\n\t\t<\/div>\n\t\t\t\t<div class=\"has_ae_slider elementor-column elementor-col-50 elementor-top-column elementor-element elementor-element-620daa75 column2-50 ae-bg-gallery-type-default\" data-id=\"620daa75\" data-element_type=\"column\" data-e-type=\"column\" data-settings=\"{&quot;background_background&quot;:&quot;classic&quot;}\">\n\t\t\t<div class=\"elementor-widget-wrap elementor-element-populated\">\n\t\t\t\t\t\t<div class=\"elementor-element elementor-element-4d436e3b elementor-hidden-desktop elementor-hidden-tablet elementor-widget elementor-widget-image\" data-id=\"4d436e3b\" data-element_type=\"widget\" data-e-type=\"widget\" data-widget_type=\"image.default\">\n\t\t\t\t<div class=\"elementor-widget-container\">\n\t\t\t\t\t\t\t\t\t\t\t\t\t\t\t<img loading=\"lazy\" decoding=\"async\" width=\"1944\" height=\"2560\" src=\"https:\/\/www.moblesurgell.com\/es\/wp-content\/uploads\/sites\/2\/pilma-scaled.jpg\" class=\"attachment-full size-full wp-image-2546\" alt=\"\" srcset=\"https:\/\/www.moblesurgell.com\/es\/wp-content\/uploads\/sites\/2\/pilma-scaled.jpg 1944w, https:\/\/www.moblesurgell.com\/es\/wp-content\/uploads\/sites\/2\/pilma-228x300.jpg 228w, https:\/\/www.moblesurgell.com\/es\/wp-content\/uploads\/sites\/2\/pilma-778x1024.jpg 778w, https:\/\/www.moblesurgell.com\/es\/wp-content\/uploads\/sites\/2\/pilma-768x1011.jpg 768w, https:\/\/www.moblesurgell.com\/es\/wp-content\/uploads\/sites\/2\/pilma-1167x1536.jpg 1167w, https:\/\/www.moblesurgell.com\/es\/wp-content\/uploads\/sites\/2\/pilma-1555x2048.jpg 1555w\" sizes=\"(max-width: 1944px) 100vw, 1944px\" \/>\t\t\t\t\t\t\t\t\t\t\t\t\t\t\t<\/div>\n\t\t\t\t<\/div>\n\t\t\t\t\t<\/div>\n\t\t<\/div>\n\t\t\t\t\t<\/div>\n\t\t<\/section>\n\t\t\t\t<section class=\"has_ae_slider elementor-section elementor-top-section elementor-element elementor-element-2b8cad30 seccio_foto_100_projecte elementor-section-boxed elementor-section-height-default elementor-section-height-default ae-bg-gallery-type-default\" data-id=\"2b8cad30\" data-element_type=\"section\" data-e-type=\"section\">\n\t\t\t\t\t\t<div class=\"elementor-container elementor-column-gap-default\">\n\t\t\t\t\t<div class=\"has_ae_slider elementor-column elementor-col-100 elementor-top-column elementor-element elementor-element-126b0cf5 ae-bg-gallery-type-default\" data-id=\"126b0cf5\" data-element_type=\"column\" data-e-type=\"column\">\n\t\t\t<div class=\"elementor-widget-wrap elementor-element-populated\">\n\t\t\t\t\t\t<div class=\"elementor-element elementor-element-68ebcb11 elementor-widget elementor-widget-image\" data-id=\"68ebcb11\" data-element_type=\"widget\" data-e-type=\"widget\" data-widget_type=\"image.default\">\n\t\t\t\t<div class=\"elementor-widget-container\">\n\t\t\t\t\t\t\t\t\t\t\t\t\t\t\t<img loading=\"lazy\" decoding=\"async\" width=\"2560\" height=\"1812\" src=\"https:\/\/www.moblesurgell.com\/es\/wp-content\/uploads\/sites\/2\/sofa-scaled.jpg\" class=\"attachment-full size-full wp-image-2547\" alt=\"\" srcset=\"https:\/\/www.moblesurgell.com\/es\/wp-content\/uploads\/sites\/2\/sofa-scaled.jpg 2560w, https:\/\/www.moblesurgell.com\/es\/wp-content\/uploads\/sites\/2\/sofa-300x212.jpg 300w, https:\/\/www.moblesurgell.com\/es\/wp-content\/uploads\/sites\/2\/sofa-1024x725.jpg 1024w, https:\/\/www.moblesurgell.com\/es\/wp-content\/uploads\/sites\/2\/sofa-768x543.jpg 768w, https:\/\/www.moblesurgell.com\/es\/wp-content\/uploads\/sites\/2\/sofa-1536x1087.jpg 1536w, https:\/\/www.moblesurgell.com\/es\/wp-content\/uploads\/sites\/2\/sofa-2048x1449.jpg 2048w\" sizes=\"(max-width: 2560px) 100vw, 2560px\" \/>\t\t\t\t\t\t\t\t\t\t\t\t\t\t\t<\/div>\n\t\t\t\t<\/div>\n\t\t\t\t\t<\/div>\n\t\t<\/div>\n\t\t\t\t\t<\/div>\n\t\t<\/section>\n\t\t\t\t<section class=\"has_ae_slider elementor-section elementor-top-section elementor-element elementor-element-b90a445 elementor-section-boxed elementor-section-height-default elementor-section-height-default ae-bg-gallery-type-default\" data-id=\"b90a445\" data-element_type=\"section\" data-e-type=\"section\">\n\t\t\t\t\t\t<div class=\"elementor-container elementor-column-gap-default\">\n\t\t\t\t\t<div class=\"has_ae_slider elementor-column elementor-col-100 elementor-top-column elementor-element elementor-element-5dda1ff ae-bg-gallery-type-default\" data-id=\"5dda1ff\" data-element_type=\"column\" data-e-type=\"column\">\n\t\t\t<div class=\"elementor-widget-wrap elementor-element-populated\">\n\t\t\t\t\t\t<div class=\"elementor-element elementor-element-06d34fb elementor-widget elementor-widget-text-editor\" data-id=\"06d34fb\" data-element_type=\"widget\" data-e-type=\"widget\" data-widget_type=\"text-editor.default\">\n\t\t\t\t<div class=\"elementor-widget-container\">\n\t\t\t\t\t\t\t\t\t<p>La cocina, <a href=\"https:\/\/www.moblesurgell.com\/es\/marca\/santos\/\"><strong>Santos<\/strong><\/a>, ha sido adaptada al espacio del hogar, aprovechando al m\u00e1ximo las zonas de almacenamiento y formando una pen\u00ednsula que contin\u00faa con una zona para comer. El mostrador de <a href=\"https:\/\/www.moblesurgell.com\/es\/marca\/neolith\/\"><strong>Neolith<\/strong><\/a> a\u00f1ade durabilidad y resistencia en la zona de trabajo. Tambi\u00e9n se ha colocado una alfombra de figuras geom\u00e9tricas de la marca <a href=\"https:\/\/www.moblesurgell.com\/es\/marca\/hidraulik\/\"><strong>Hidraulik<\/strong><\/a>.<\/p><p>A continuaci\u00f3n de la pen\u00ednsula tenemos una peque\u00f1a mesa con el sobre de roble macizo de la firma <a href=\"https:\/\/www.moblesurgell.com\/es\/marca\/devina-nais\/\"><strong>Devina Nais<\/strong><\/a> acompa\u00f1ada por tres sillas <a href=\"https:\/\/www.moblesurgell.com\/es\/marca\/kartell\/\"><strong>Kartell<\/strong><\/a> que aportan personalidad a este espacio. Esta mesa de madera combina con el acabado en madera sobre la pared y el suelo, aportando calidez y elegancia a este rinc\u00f3n de la casa.<\/p><p>En la zona Living se ha optado por un sof\u00e1 amplio y regulable de la casa <a href=\"https:\/\/www.moblesurgell.com\/es\/marca\/moradillo\/\"><strong>Moradillo<\/strong><\/a> en un tono claro acompa\u00f1ado de un sill\u00f3n <strong>Pilma<\/strong>. Esta zona de estar, configurada para sentarse y relajarse, tambi\u00e9n dispone de una mesa de centro <strong>A.brito<\/strong>; la misma marca que el buffet que el sucede unos metros m\u00e1s atr\u00e1s. Ambos en tonalidades oscuras para contrastar con el resto de elementos.<\/p>\t\t\t\t\t\t\t\t<\/div>\n\t\t\t\t<\/div>\n\t\t\t\t\t<\/div>\n\t\t<\/div>\n\t\t\t\t\t<\/div>\n\t\t<\/section>\n\t\t\t\t<section class=\"has_ae_slider elementor-section elementor-top-section elementor-element elementor-element-57f20f33 seccio_2fotos_70-30_projecte elementor-section-height-min-height elementor-section-items-stretch elementor-section-boxed elementor-section-height-default ae-bg-gallery-type-default\" data-id=\"57f20f33\" data-element_type=\"section\" data-e-type=\"section\">\n\t\t\t\t\t\t<div class=\"elementor-container elementor-column-gap-default\">\n\t\t\t\t\t<div class=\"has_ae_slider elementor-column elementor-col-50 elementor-top-column elementor-element elementor-element-1b5ba893 column1-70 ae-bg-gallery-type-default\" data-id=\"1b5ba893\" data-element_type=\"column\" data-e-type=\"column\" data-settings=\"{&quot;background_background&quot;:&quot;classic&quot;}\">\n\t\t\t<div class=\"elementor-widget-wrap elementor-element-populated\">\n\t\t\t\t\t\t<div class=\"elementor-element elementor-element-fdd247 elementor-hidden-desktop elementor-hidden-tablet elementor-widget elementor-widget-image\" data-id=\"fdd247\" data-element_type=\"widget\" data-e-type=\"widget\" data-widget_type=\"image.default\">\n\t\t\t\t<div class=\"elementor-widget-container\">\n\t\t\t\t\t\t\t\t\t\t\t\t\t\t\t<img loading=\"lazy\" decoding=\"async\" width=\"2560\" height=\"1707\" src=\"https:\/\/www.moblesurgell.com\/es\/wp-content\/uploads\/sites\/2\/nombre-del-documento-2-10-scaled.jpg\" class=\"attachment-full size-full wp-image-2551\" alt=\"\" srcset=\"https:\/\/www.moblesurgell.com\/es\/wp-content\/uploads\/sites\/2\/nombre-del-documento-2-10-scaled.jpg 2560w, https:\/\/www.moblesurgell.com\/es\/wp-content\/uploads\/sites\/2\/nombre-del-documento-2-10-300x200.jpg 300w, https:\/\/www.moblesurgell.com\/es\/wp-content\/uploads\/sites\/2\/nombre-del-documento-2-10-1024x683.jpg 1024w, https:\/\/www.moblesurgell.com\/es\/wp-content\/uploads\/sites\/2\/nombre-del-documento-2-10-768x512.jpg 768w, https:\/\/www.moblesurgell.com\/es\/wp-content\/uploads\/sites\/2\/nombre-del-documento-2-10-1536x1024.jpg 1536w, https:\/\/www.moblesurgell.com\/es\/wp-content\/uploads\/sites\/2\/nombre-del-documento-2-10-2048x1365.jpg 2048w\" sizes=\"(max-width: 2560px) 100vw, 2560px\" \/>\t\t\t\t\t\t\t\t\t\t\t\t\t\t\t<\/div>\n\t\t\t\t<\/div>\n\t\t\t\t\t<\/div>\n\t\t<\/div>\n\t\t\t\t<div class=\"has_ae_slider elementor-column elementor-col-50 elementor-top-column elementor-element elementor-element-38acbfa7 column2-30 ae-bg-gallery-type-default\" data-id=\"38acbfa7\" data-element_type=\"column\" data-e-type=\"column\" data-settings=\"{&quot;background_background&quot;:&quot;classic&quot;}\">\n\t\t\t<div class=\"elementor-widget-wrap elementor-element-populated\">\n\t\t\t\t\t\t<div class=\"elementor-element elementor-element-e0a2f09 elementor-hidden-desktop elementor-hidden-tablet elementor-widget elementor-widget-image\" data-id=\"e0a2f09\" data-element_type=\"widget\" data-e-type=\"widget\" data-widget_type=\"image.default\">\n\t\t\t\t<div class=\"elementor-widget-container\">\n\t\t\t\t\t\t\t\t\t\t\t\t\t\t\t<img loading=\"lazy\" decoding=\"async\" width=\"1707\" height=\"2560\" src=\"https:\/\/www.moblesurgell.com\/es\/wp-content\/uploads\/sites\/2\/nombre-del-documento-2-3-scaled.jpg\" class=\"attachment-full size-full wp-image-2552\" alt=\"\" srcset=\"https:\/\/www.moblesurgell.com\/es\/wp-content\/uploads\/sites\/2\/nombre-del-documento-2-3-scaled.jpg 1707w, https:\/\/www.moblesurgell.com\/es\/wp-content\/uploads\/sites\/2\/nombre-del-documento-2-3-200x300.jpg 200w, https:\/\/www.moblesurgell.com\/es\/wp-content\/uploads\/sites\/2\/nombre-del-documento-2-3-683x1024.jpg 683w, https:\/\/www.moblesurgell.com\/es\/wp-content\/uploads\/sites\/2\/nombre-del-documento-2-3-768x1152.jpg 768w, https:\/\/www.moblesurgell.com\/es\/wp-content\/uploads\/sites\/2\/nombre-del-documento-2-3-1024x1536.jpg 1024w, https:\/\/www.moblesurgell.com\/es\/wp-content\/uploads\/sites\/2\/nombre-del-documento-2-3-1365x2048.jpg 1365w\" sizes=\"(max-width: 1707px) 100vw, 1707px\" \/>\t\t\t\t\t\t\t\t\t\t\t\t\t\t\t<\/div>\n\t\t\t\t<\/div>\n\t\t\t\t\t<\/div>\n\t\t<\/div>\n\t\t\t\t\t<\/div>\n\t\t<\/section>\n\t\t\t\t<section class=\"has_ae_slider elementor-section elementor-top-section elementor-element elementor-element-ce94192 elementor-section-boxed elementor-section-height-default elementor-section-height-default ae-bg-gallery-type-default\" data-id=\"ce94192\" data-element_type=\"section\" data-e-type=\"section\">\n\t\t\t\t\t\t<div class=\"elementor-container elementor-column-gap-default\">\n\t\t\t\t\t<div class=\"has_ae_slider elementor-column elementor-col-100 elementor-top-column elementor-element elementor-element-b208be6 ae-bg-gallery-type-default\" data-id=\"b208be6\" data-element_type=\"column\" data-e-type=\"column\">\n\t\t\t<div class=\"elementor-widget-wrap elementor-element-populated\">\n\t\t\t\t\t\t<div class=\"elementor-element elementor-element-8433329 elementor-widget elementor-widget-text-editor\" data-id=\"8433329\" data-element_type=\"widget\" data-e-type=\"widget\" data-widget_type=\"text-editor.default\">\n\t\t\t\t<div class=\"elementor-widget-container\">\n\t\t\t\t\t\t\t\t\t<p>Para terminar y atendiendo la petici\u00f3n de una mesa de madera noble por la zona de comedor, se ha escogido el modelo <strong>Brooklin<\/strong>, de <a href=\"https:\/\/www.moblesurgell.com\/es\/marca\/devina-nais\/\"><strong>Devina Nais<\/strong><\/a>, de roble macizo, acompa\u00f1ada por seis sillas de aire moderno pero elegante a la vez, de la misma marca. La mesa es iluminada por una fina l\u00e1mpara de techo, de formas geom\u00e9tricas. A trav\u00e9s de unas cortinas transl\u00facidas de <strong>Canotex<\/strong> tambi\u00e9n se da paso a la luz natural a esta amplia zona del hogar.<\/p>\t\t\t\t\t\t\t\t<\/div>\n\t\t\t\t<\/div>\n\t\t\t\t\t<\/div>\n\t\t<\/div>\n\t\t\t\t\t<\/div>\n\t\t<\/section>\n\t\t\t\t<\/div>\n\t\t","protected":false},"featured_media":0,"template":"","area":[11,35],"class_list":["post-2414","portfolio","type-portfolio","status-publish","hentry","area-hogar","area-salones"],"acf":[],"_links":{"self":[{"href":"https:\/\/www.moblesurgell.com\/es\/wp-json\/wp\/v2\/portfolio\/2414","targetHints":{"allow":["GET"]}}],"collection":[{"href":"https:\/\/www.moblesurgell.com\/es\/wp-json\/wp\/v2\/portfolio"}],"about":[{"href":"https:\/\/www.moblesurgell.com\/es\/wp-json\/wp\/v2\/types\/portfolio"}],"version-history":[{"count":15,"href":"https:\/\/www.moblesurgell.com\/es\/wp-json\/wp\/v2\/portfolio\/2414\/revisions"}],"predecessor-version":[{"id":2589,"href":"https:\/\/www.moblesurgell.com\/es\/wp-json\/wp\/v2\/portfolio\/2414\/revisions\/2589"}],"wp:attachment":[{"href":"https:\/\/www.moblesurgell.com\/es\/wp-json\/wp\/v2\/media?parent=2414"}],"wp:term":[{"taxonomy":"area","embeddable":true,"href":"https:\/\/www.moblesurgell.com\/es\/wp-json\/wp\/v2\/area?post=2414"}],"curies":[{"name":"wp","href":"https:\/\/api.w.org\/{rel}","templated":true}]}}