{"id":57,"date":"2020-05-29T19:00:22","date_gmt":"2020-05-29T17:00:22","guid":{"rendered":"https:\/\/www.moblesurgell.com\/?page_id=57"},"modified":"2021-03-09T14:29:02","modified_gmt":"2021-03-09T13:29:02","slug":"servicios-particulares","status":"publish","type":"page","link":"https:\/\/www.moblesurgell.com\/es\/servicios-particulares\/","title":{"rendered":"Servicios Particulares"},"content":{"rendered":"\t\t<div data-elementor-type=\"wp-page\" data-elementor-id=\"57\" class=\"elementor elementor-57\" data-elementor-post-type=\"page\">\n\t\t\t\t\t\t<section class=\"has_ae_slider elementor-section elementor-top-section elementor-element elementor-element-3eb4bbd elementor-section-full_width elementor-section-height-min-height elementor-section-items-stretch elementor-section-height-default ae-bg-gallery-type-default\" data-id=\"3eb4bbd\" data-element_type=\"section\" data-e-type=\"section\">\n\t\t\t\t\t\t<div class=\"elementor-container elementor-column-gap-no\">\n\t\t\t\t\t<div class=\"has_ae_slider elementor-column elementor-col-100 elementor-top-column elementor-element elementor-element-f191d43 ae-bg-gallery-type-default\" data-id=\"f191d43\" data-element_type=\"column\" data-e-type=\"column\">\n\t\t\t<div class=\"elementor-widget-wrap elementor-element-populated\">\n\t\t\t\t\t\t<div class=\"elementor-element elementor-element-fb0e786 slide-home-mobles elementor--h-position-center elementor--v-position-middle elementor-arrows-position-inside elementor-pagination-position-inside elementor-widget elementor-widget-slides\" data-id=\"fb0e786\" data-element_type=\"widget\" data-e-type=\"widget\" data-settings=\"{&quot;navigation&quot;:&quot;both&quot;,&quot;autoplay&quot;:&quot;yes&quot;,&quot;pause_on_hover&quot;:&quot;yes&quot;,&quot;pause_on_interaction&quot;:&quot;yes&quot;,&quot;autoplay_speed&quot;:5000,&quot;infinite&quot;:&quot;yes&quot;,&quot;transition&quot;:&quot;slide&quot;,&quot;transition_speed&quot;:500}\" data-widget_type=\"slides.default\">\n\t\t\t\t<div class=\"elementor-widget-container\">\n\t\t\t\t\t\t\t\t\t<div class=\"elementor-swiper\">\n\t\t\t\t\t<div class=\"elementor-slides-wrapper elementor-main-swiper swiper\" role=\"region\" aria-roledescription=\"carousel\" aria-label=\"Diapositivas\" dir=\"ltr\" data-animation=\"fadeInUp\">\n\t\t\t\t<div class=\"swiper-wrapper elementor-slides\">\n\t\t\t\t\t\t\t\t\t\t<div class=\"elementor-repeater-item-0457420 swiper-slide\" role=\"group\" aria-roledescription=\"slide\"><div class=\"swiper-slide-bg\" role=\"img\" aria-label=\"1MU-Serveis-SLIDE_1\"><\/div><div class=\"elementor-background-overlay\"><\/div><div class=\"swiper-slide-inner\" ><div class=\"swiper-slide-contents\"><div class=\"elementor-slide-heading\">Nuestros servicios <br> adaptados a tus necesidades<\/div><\/div><\/div><\/div>\t\t\t\t<\/div>\n\t\t\t\t\t\t\t<\/div>\n\t\t\t\t<\/div>\n\t\t\t\t\t\t\t\t<\/div>\n\t\t\t\t<\/div>\n\t\t\t\t<div class=\"elementor-element elementor-element-3486cc7 wrap_destacat_pagina_header elementor-widget elementor-widget-global elementor-global-171 elementor-widget-shortcode\" data-id=\"3486cc7\" data-element_type=\"widget\" data-e-type=\"widget\" data-widget_type=\"shortcode.default\">\n\t\t\t\t<div class=\"elementor-widget-container\">\n\t\t\t\t\t\t\t<div class=\"elementor-shortcode\"><\/div>\n\t\t\t\t\t\t<\/div>\n\t\t\t\t<\/div>\n\t\t\t\t\t<\/div>\n\t\t<\/div>\n\t\t\t\t\t<\/div>\n\t\t<\/section>\n\t\t\t\t<section class=\"has_ae_slider elementor-section elementor-top-section elementor-element elementor-element-a747891 elementor-section-boxed elementor-section-height-default elementor-section-height-default ae-bg-gallery-type-default\" data-id=\"a747891\" data-element_type=\"section\" data-e-type=\"section\">\n\t\t\t\t\t\t<div class=\"elementor-container elementor-column-gap-default\">\n\t\t\t\t\t<div class=\"has_ae_slider elementor-column elementor-col-100 elementor-top-column elementor-element elementor-element-4a5c7d2 ae-bg-gallery-type-default\" data-id=\"4a5c7d2\" data-element_type=\"column\" data-e-type=\"column\">\n\t\t\t<div class=\"elementor-widget-wrap elementor-element-populated\">\n\t\t\t\t\t\t<div class=\"elementor-element elementor-element-2daddd4 elementor-widget elementor-widget-image\" data-id=\"2daddd4\" data-element_type=\"widget\" data-e-type=\"widget\" data-widget_type=\"image.default\">\n\t\t\t\t<div class=\"elementor-widget-container\">\n\t\t\t\t\t\t\t\t\t\t\t\t\t\t\t\t<a href=\"#topsection\">\n\t\t\t\t\t\t\t<img decoding=\"async\" width=\"37\" height=\"17\" src=\"https:\/\/www.moblesurgell.com\/es\/wp-content\/uploads\/sites\/2\/mu-home-capccca7alera-fletxa.svg\" class=\"attachment-full size-full wp-image-31\" alt=\"\" \/>\t\t\t\t\t\t\t\t<\/a>\n\t\t\t\t\t\t\t\t\t\t\t\t\t\t\t<\/div>\n\t\t\t\t<\/div>\n\t\t\t\t\t<\/div>\n\t\t<\/div>\n\t\t\t\t\t<\/div>\n\t\t<\/section>\n\t\t\t\t<section class=\"has_ae_slider elementor-section elementor-top-section elementor-element elementor-element-a0215da elementor-section-boxed elementor-section-height-default elementor-section-height-default ae-bg-gallery-type-default\" data-id=\"a0215da\" data-element_type=\"section\" data-e-type=\"section\" id=\"topsection\">\n\t\t\t\t\t\t<div class=\"elementor-container elementor-column-gap-default\">\n\t\t\t\t\t<div class=\"has_ae_slider elementor-column elementor-col-100 elementor-top-column elementor-element elementor-element-499a685 ae-bg-gallery-type-default\" data-id=\"499a685\" data-element_type=\"column\" data-e-type=\"column\">\n\t\t\t<div class=\"elementor-widget-wrap elementor-element-populated\">\n\t\t\t\t\t\t<div class=\"elementor-element elementor-element-eaa1940 elementor-widget elementor-widget-heading\" data-id=\"eaa1940\" data-element_type=\"widget\" data-e-type=\"widget\" data-widget_type=\"heading.default\">\n\t\t\t\t<div class=\"elementor-widget-container\">\n\t\t\t\t\t<h2 class=\"elementor-heading-title elementor-size-default\">Servicios para nuestros clientes<\/h2>\t\t\t\t<\/div>\n\t\t\t\t<\/div>\n\t\t\t\t<div class=\"elementor-element elementor-element-3a68333 elementor-widget elementor-widget-text-editor\" data-id=\"3a68333\" data-element_type=\"widget\" data-e-type=\"widget\" data-widget_type=\"text-editor.default\">\n\t\t\t\t<div class=\"elementor-widget-container\">\n\t\t\t\t\t\t\t\t\t<p>Nuestra larga trayectoria en el sector y la adaptaci\u00f3n constante a las demandas de los clientes nos ha permitido estar siempre en vanguardia del dise\u00f1o y seguir aumentando nuestro abanico de servicios, que incluye tanto mobiliario dom\u00e9stico, comercial y de oficinas, como cocinas o proyectos de iluminaci\u00f3n.<\/p><p>En Mobles Urgell queremos que nuestros clientes disfruten de una excelente experiencia de compra, cuidando hasta el m\u00e1s m\u00ednimo detalle y brind\u00e1ndolos una atenci\u00f3n personalizada y pr\u00f3xima. Por este motivo, estudiamos minuciosamente sus necesidades para optimizar su hogar y adecuarlo en base a sus preferencias. Adem\u00e1s, trabajamos de la mano de interioristas y arquitectos para dar soluci\u00f3n a sus necesidades y desarrollar conjuntamente proyectos integrales.<\/p><p>La alta calidad de nuestros productos se puede percibir en nuestro Showroom de 2.000 m\u00b2 y, sobre todo, en el proceso de desarrollo de nuestros proyectos, desde el inicio hasta su ejecuci\u00f3n.<\/p>\t\t\t\t\t\t\t\t<\/div>\n\t\t\t\t<\/div>\n\t\t\t\t\t<\/div>\n\t\t<\/div>\n\t\t\t\t\t<\/div>\n\t\t<\/section>\n\t\t\t\t<section class=\"has_ae_slider elementor-section elementor-top-section elementor-element elementor-element-0b01b03 seccion-contenido2 elementor-section-boxed elementor-section-height-default elementor-section-height-default ae-bg-gallery-type-default\" data-id=\"0b01b03\" data-element_type=\"section\" data-e-type=\"section\">\n\t\t\t\t\t\t<div class=\"elementor-container elementor-column-gap-default\">\n\t\t\t\t\t<div class=\"has_ae_slider elementor-column elementor-col-33 elementor-top-column elementor-element elementor-element-c23b358 ae-bg-gallery-type-default\" data-id=\"c23b358\" data-element_type=\"column\" data-e-type=\"column\">\n\t\t\t<div class=\"elementor-widget-wrap elementor-element-populated\">\n\t\t\t\t\t\t<div class=\"elementor-element elementor-element-306fde4 elementor-widget elementor-widget-image\" data-id=\"306fde4\" data-element_type=\"widget\" data-e-type=\"widget\" data-widget_type=\"image.default\">\n\t\t\t\t<div class=\"elementor-widget-container\">\n\t\t\t\t\t\t\t\t\t\t\t\t\t\t\t<img fetchpriority=\"high\" decoding=\"async\" width=\"361\" height=\"384\" src=\"https:\/\/www.moblesurgell.com\/es\/wp-content\/uploads\/sites\/2\/mu-serveis-projectes-interiorisme-1.jpg\" class=\"attachment-full size-full wp-image-333\" alt=\"\" srcset=\"https:\/\/www.moblesurgell.com\/es\/wp-content\/uploads\/sites\/2\/mu-serveis-projectes-interiorisme-1.jpg 361w, https:\/\/www.moblesurgell.com\/es\/wp-content\/uploads\/sites\/2\/mu-serveis-projectes-interiorisme-1-282x300.jpg 282w\" sizes=\"(max-width: 361px) 100vw, 361px\" \/>\t\t\t\t\t\t\t\t\t\t\t\t\t\t\t<\/div>\n\t\t\t\t<\/div>\n\t\t\t\t<div class=\"elementor-element elementor-element-cc0d609 requadre-roig-linea-sotafoto elementor-widget elementor-widget-heading\" data-id=\"cc0d609\" data-element_type=\"widget\" data-e-type=\"widget\" data-widget_type=\"heading.default\">\n\t\t\t\t<div class=\"elementor-widget-container\">\n\t\t\t\t\t<h3 class=\"elementor-heading-title elementor-size-default\"><a href=\"https:\/\/www.moblesurgell.com\/es\/proyectos\/\">PROYECTOS DE INTERIORISMO<\/a><\/h3>\t\t\t\t<\/div>\n\t\t\t\t<\/div>\n\t\t\t\t<div class=\"elementor-element elementor-element-a86457e elementor-widget elementor-widget-text-editor\" data-id=\"a86457e\" data-element_type=\"widget\" data-e-type=\"widget\" data-widget_type=\"text-editor.default\">\n\t\t\t\t<div class=\"elementor-widget-container\">\n\t\t\t\t\t\t\t\t\t<p>Especializados en dise\u00f1o de interiores, concebimos y dise\u00f1amos todo tipo de espacios funcionales adaptados a vuestras preferencias.<\/p>\t\t\t\t\t\t\t\t<\/div>\n\t\t\t\t<\/div>\n\t\t\t\t\t<\/div>\n\t\t<\/div>\n\t\t\t\t<div class=\"has_ae_slider elementor-column elementor-col-33 elementor-top-column elementor-element elementor-element-67304f5 ae-bg-gallery-type-default\" data-id=\"67304f5\" data-element_type=\"column\" data-e-type=\"column\">\n\t\t\t<div class=\"elementor-widget-wrap elementor-element-populated\">\n\t\t\t\t\t\t<div class=\"elementor-element elementor-element-e724302 elementor-widget elementor-widget-image\" data-id=\"e724302\" data-element_type=\"widget\" data-e-type=\"widget\" data-widget_type=\"image.default\">\n\t\t\t\t<div class=\"elementor-widget-container\">\n\t\t\t\t\t\t\t\t\t\t\t\t\t\t\t<img decoding=\"async\" width=\"359\" height=\"384\" src=\"https:\/\/www.moblesurgell.com\/es\/wp-content\/uploads\/sites\/2\/mu-serveis-rehabilitacio-1.jpg\" class=\"attachment-full size-full wp-image-324\" alt=\"\" srcset=\"https:\/\/www.moblesurgell.com\/es\/wp-content\/uploads\/sites\/2\/mu-serveis-rehabilitacio-1.jpg 359w, https:\/\/www.moblesurgell.com\/es\/wp-content\/uploads\/sites\/2\/mu-serveis-rehabilitacio-1-280x300.jpg 280w\" sizes=\"(max-width: 359px) 100vw, 359px\" \/>\t\t\t\t\t\t\t\t\t\t\t\t\t\t\t<\/div>\n\t\t\t\t<\/div>\n\t\t\t\t<div class=\"elementor-element elementor-element-4170de3 requadre-roig-linea-sotafoto elementor-widget elementor-widget-heading\" data-id=\"4170de3\" data-element_type=\"widget\" data-e-type=\"widget\" data-widget_type=\"heading.default\">\n\t\t\t\t<div class=\"elementor-widget-container\">\n\t\t\t\t\t<h3 class=\"elementor-heading-title elementor-size-default\"><a href=\"https:\/\/www.moblesurgell.com\/es\/area\/rehabilitacion-de-espacios\/\">REHABILITACI\u00d3N DE ESPACIOS<\/a><\/h3>\t\t\t\t<\/div>\n\t\t\t\t<\/div>\n\t\t\t\t<div class=\"elementor-element elementor-element-f1cb930 elementor-widget elementor-widget-text-editor\" data-id=\"f1cb930\" data-element_type=\"widget\" data-e-type=\"widget\" data-widget_type=\"text-editor.default\">\n\t\t\t\t<div class=\"elementor-widget-container\">\n\t\t\t\t\t\t\t\t\t<p>Restauramos todo tipo de espacios combinando dise\u00f1o y versatilidad.<\/p>\t\t\t\t\t\t\t\t<\/div>\n\t\t\t\t<\/div>\n\t\t\t\t\t<\/div>\n\t\t<\/div>\n\t\t\t\t<div class=\"has_ae_slider elementor-column elementor-col-33 elementor-top-column elementor-element elementor-element-761013a ae-bg-gallery-type-default\" data-id=\"761013a\" data-element_type=\"column\" data-e-type=\"column\">\n\t\t\t<div class=\"elementor-widget-wrap elementor-element-populated\">\n\t\t\t\t\t\t<div class=\"elementor-element elementor-element-0fb4549 elementor-widget elementor-widget-image\" data-id=\"0fb4549\" data-element_type=\"widget\" data-e-type=\"widget\" data-widget_type=\"image.default\">\n\t\t\t\t<div class=\"elementor-widget-container\">\n\t\t\t\t\t\t\t\t\t\t\t\t\t\t\t<img loading=\"lazy\" decoding=\"async\" width=\"361\" height=\"384\" src=\"https:\/\/www.moblesurgell.com\/es\/wp-content\/uploads\/sites\/2\/mu-serveis-illuminacio-1.jpg\" class=\"attachment-full size-full wp-image-331\" alt=\"\" srcset=\"https:\/\/www.moblesurgell.com\/es\/wp-content\/uploads\/sites\/2\/mu-serveis-illuminacio-1.jpg 361w, https:\/\/www.moblesurgell.com\/es\/wp-content\/uploads\/sites\/2\/mu-serveis-illuminacio-1-282x300.jpg 282w\" sizes=\"(max-width: 361px) 100vw, 361px\" \/>\t\t\t\t\t\t\t\t\t\t\t\t\t\t\t<\/div>\n\t\t\t\t<\/div>\n\t\t\t\t<div class=\"elementor-element elementor-element-60c9e7f requadre-roig-linea-sotafoto elementor-widget elementor-widget-heading\" data-id=\"60c9e7f\" data-element_type=\"widget\" data-e-type=\"widget\" data-widget_type=\"heading.default\">\n\t\t\t\t<div class=\"elementor-widget-container\">\n\t\t\t\t\t<h3 class=\"elementor-heading-title elementor-size-default\"><a href=\"https:\/\/www.moblesurgell.com\/es\/area\/proyecto-de-iluminacion\/\">PROYECTOS DE ILUMINACI\u00d3N<\/a><\/h3>\t\t\t\t<\/div>\n\t\t\t\t<\/div>\n\t\t\t\t<div class=\"elementor-element elementor-element-8b0a5d3 elementor-widget elementor-widget-text-editor\" data-id=\"8b0a5d3\" data-element_type=\"widget\" data-e-type=\"widget\" data-widget_type=\"text-editor.default\">\n\t\t\t\t<div class=\"elementor-widget-container\">\n\t\t\t\t\t\t\t\t\t<p>Realizamos un estudio lum\u00ednico de tu espacio para ayudarte a crear el ambiente id\u00f3neo para cada ocasi\u00f3n.<\/p>\t\t\t\t\t\t\t\t<\/div>\n\t\t\t\t<\/div>\n\t\t\t\t\t<\/div>\n\t\t<\/div>\n\t\t\t\t\t<\/div>\n\t\t<\/section>\n\t\t\t\t<section class=\"has_ae_slider elementor-section elementor-top-section elementor-element elementor-element-aee885c seccion-contenido2 elementor-section-boxed elementor-section-height-default elementor-section-height-default ae-bg-gallery-type-default\" data-id=\"aee885c\" data-element_type=\"section\" data-e-type=\"section\">\n\t\t\t\t\t\t<div class=\"elementor-container elementor-column-gap-default\">\n\t\t\t\t\t<div class=\"has_ae_slider elementor-column elementor-col-33 elementor-top-column elementor-element elementor-element-87a77a9 ae-bg-gallery-type-default\" data-id=\"87a77a9\" data-element_type=\"column\" data-e-type=\"column\">\n\t\t\t<div class=\"elementor-widget-wrap elementor-element-populated\">\n\t\t\t\t\t\t<div class=\"elementor-element elementor-element-3bbf142 elementor-widget elementor-widget-image\" data-id=\"3bbf142\" data-element_type=\"widget\" data-e-type=\"widget\" data-widget_type=\"image.default\">\n\t\t\t\t<div class=\"elementor-widget-container\">\n\t\t\t\t\t\t\t\t\t\t\t\t\t\t\t<img loading=\"lazy\" decoding=\"async\" width=\"358\" height=\"384\" src=\"https:\/\/www.moblesurgell.com\/es\/wp-content\/uploads\/sites\/2\/mu-serveis-showroom-1.jpg\" class=\"attachment-full size-full wp-image-335\" alt=\"\" srcset=\"https:\/\/www.moblesurgell.com\/es\/wp-content\/uploads\/sites\/2\/mu-serveis-showroom-1.jpg 358w, https:\/\/www.moblesurgell.com\/es\/wp-content\/uploads\/sites\/2\/mu-serveis-showroom-1-280x300.jpg 280w\" sizes=\"(max-width: 358px) 100vw, 358px\" \/>\t\t\t\t\t\t\t\t\t\t\t\t\t\t\t<\/div>\n\t\t\t\t<\/div>\n\t\t\t\t<div class=\"elementor-element elementor-element-8abfb86 requadre-roig-linea-sotafoto elementor-widget elementor-widget-heading\" data-id=\"8abfb86\" data-element_type=\"widget\" data-e-type=\"widget\" data-widget_type=\"heading.default\">\n\t\t\t\t<div class=\"elementor-widget-container\">\n\t\t\t\t\t<h3 class=\"elementor-heading-title elementor-size-default\">SHOWROOM<\/h3>\t\t\t\t<\/div>\n\t\t\t\t<\/div>\n\t\t\t\t<div class=\"elementor-element elementor-element-9da28e5 elementor-widget elementor-widget-text-editor\" data-id=\"9da28e5\" data-element_type=\"widget\" data-e-type=\"widget\" data-widget_type=\"text-editor.default\">\n\t\t\t\t<div class=\"elementor-widget-container\">\n\t\t\t\t\t\t\t\t\t<p>Disponemos de un espacio \u00fanico donde poder ver una gran selecci\u00f3n de primeras marcas de mobiliario, iluminaci\u00f3n y cocinas donde podr\u00e1s encontrar todo aquello que estas buscando.<\/p>\t\t\t\t\t\t\t\t<\/div>\n\t\t\t\t<\/div>\n\t\t\t\t\t<\/div>\n\t\t<\/div>\n\t\t\t\t<div class=\"has_ae_slider elementor-column elementor-col-33 elementor-top-column elementor-element elementor-element-b2a1f94 ae-bg-gallery-type-default\" data-id=\"b2a1f94\" data-element_type=\"column\" data-e-type=\"column\">\n\t\t\t<div class=\"elementor-widget-wrap elementor-element-populated\">\n\t\t\t\t\t\t<div class=\"elementor-element elementor-element-32500e3 elementor-widget elementor-widget-image\" data-id=\"32500e3\" data-element_type=\"widget\" data-e-type=\"widget\" data-widget_type=\"image.default\">\n\t\t\t\t<div class=\"elementor-widget-container\">\n\t\t\t\t\t\t\t\t\t\t\t\t\t\t\t<img loading=\"lazy\" decoding=\"async\" width=\"358\" height=\"384\" src=\"https:\/\/www.moblesurgell.com\/es\/wp-content\/uploads\/sites\/2\/mu-serveis-assessorament-1.jpg\" class=\"attachment-full size-full wp-image-326\" alt=\"\" srcset=\"https:\/\/www.moblesurgell.com\/es\/wp-content\/uploads\/sites\/2\/mu-serveis-assessorament-1.jpg 358w, https:\/\/www.moblesurgell.com\/es\/wp-content\/uploads\/sites\/2\/mu-serveis-assessorament-1-280x300.jpg 280w\" sizes=\"(max-width: 358px) 100vw, 358px\" \/>\t\t\t\t\t\t\t\t\t\t\t\t\t\t\t<\/div>\n\t\t\t\t<\/div>\n\t\t\t\t<div class=\"elementor-element elementor-element-7a0addf requadre-roig-linea-sotafoto elementor-widget elementor-widget-heading\" data-id=\"7a0addf\" data-element_type=\"widget\" data-e-type=\"widget\" data-widget_type=\"heading.default\">\n\t\t\t\t<div class=\"elementor-widget-container\">\n\t\t\t\t\t<h3 class=\"elementor-heading-title elementor-size-default\">ASESORAMIENTO<\/h3>\t\t\t\t<\/div>\n\t\t\t\t<\/div>\n\t\t\t\t<div class=\"elementor-element elementor-element-c68bd71 elementor-widget elementor-widget-text-editor\" data-id=\"c68bd71\" data-element_type=\"widget\" data-e-type=\"widget\" data-widget_type=\"text-editor.default\">\n\t\t\t\t<div class=\"elementor-widget-container\">\n\t\t\t\t\t\t\t\t\t<p>Nuestro equipo de profesionales te acompa\u00f1ar\u00e1n a lo largo de tu proyecto ofreci\u00e9ndote un servicio de calidad y un asesoramiento personalizado.<\/p>\t\t\t\t\t\t\t\t<\/div>\n\t\t\t\t<\/div>\n\t\t\t\t\t<\/div>\n\t\t<\/div>\n\t\t\t\t<div class=\"has_ae_slider elementor-column elementor-col-33 elementor-top-column elementor-element elementor-element-a2c6423 ae-bg-gallery-type-default\" data-id=\"a2c6423\" data-element_type=\"column\" data-e-type=\"column\">\n\t\t\t<div class=\"elementor-widget-wrap elementor-element-populated\">\n\t\t\t\t\t\t<div class=\"elementor-element elementor-element-1b8392f elementor-widget elementor-widget-image\" data-id=\"1b8392f\" data-element_type=\"widget\" data-e-type=\"widget\" data-widget_type=\"image.default\">\n\t\t\t\t<div class=\"elementor-widget-container\">\n\t\t\t\t\t\t\t\t\t\t\t\t\t\t\t<img loading=\"lazy\" decoding=\"async\" width=\"359\" height=\"384\" src=\"https:\/\/www.moblesurgell.com\/es\/wp-content\/uploads\/sites\/2\/mu-serveis-mobiliari-mida-1.jpg\" class=\"attachment-full size-full wp-image-332\" alt=\"\" srcset=\"https:\/\/www.moblesurgell.com\/es\/wp-content\/uploads\/sites\/2\/mu-serveis-mobiliari-mida-1.jpg 359w, https:\/\/www.moblesurgell.com\/es\/wp-content\/uploads\/sites\/2\/mu-serveis-mobiliari-mida-1-280x300.jpg 280w\" sizes=\"(max-width: 359px) 100vw, 359px\" \/>\t\t\t\t\t\t\t\t\t\t\t\t\t\t\t<\/div>\n\t\t\t\t<\/div>\n\t\t\t\t<div class=\"elementor-element elementor-element-f934048 requadre-roig-linea-sotafoto elementor-widget elementor-widget-heading\" data-id=\"f934048\" data-element_type=\"widget\" data-e-type=\"widget\" data-widget_type=\"heading.default\">\n\t\t\t\t<div class=\"elementor-widget-container\">\n\t\t\t\t\t<h3 class=\"elementor-heading-title elementor-size-default\">MOBILIARIO A MEDIDA<\/h3>\t\t\t\t<\/div>\n\t\t\t\t<\/div>\n\t\t\t\t<div class=\"elementor-element elementor-element-e4651c0 elementor-widget elementor-widget-text-editor\" data-id=\"e4651c0\" data-element_type=\"widget\" data-e-type=\"widget\" data-widget_type=\"text-editor.default\">\n\t\t\t\t<div class=\"elementor-widget-container\">\n\t\t\t\t\t\t\t\t\t<p>Ofrecemos soluciones de mobiliario a medida en diferentes materiales y acabados para cubrir todas tus necesidades.<\/p>\t\t\t\t\t\t\t\t<\/div>\n\t\t\t\t<\/div>\n\t\t\t\t\t<\/div>\n\t\t<\/div>\n\t\t\t\t\t<\/div>\n\t\t<\/section>\n\t\t\t\t<section class=\"has_ae_slider elementor-section elementor-top-section elementor-element elementor-element-e087d74 seccion-contenido2 elementor-section-boxed elementor-section-height-default elementor-section-height-default ae-bg-gallery-type-default\" data-id=\"e087d74\" data-element_type=\"section\" data-e-type=\"section\">\n\t\t\t\t\t\t<div class=\"elementor-container elementor-column-gap-default\">\n\t\t\t\t\t<div class=\"has_ae_slider elementor-column elementor-col-33 elementor-top-column elementor-element elementor-element-6a5d82e ae-bg-gallery-type-default\" data-id=\"6a5d82e\" data-element_type=\"column\" data-e-type=\"column\">\n\t\t\t<div class=\"elementor-widget-wrap elementor-element-populated\">\n\t\t\t\t\t\t<div class=\"elementor-element elementor-element-eee680c elementor-widget elementor-widget-image\" data-id=\"eee680c\" data-element_type=\"widget\" data-e-type=\"widget\" data-widget_type=\"image.default\">\n\t\t\t\t<div class=\"elementor-widget-container\">\n\t\t\t\t\t\t\t\t\t\t\t\t\t\t\t<img loading=\"lazy\" decoding=\"async\" width=\"359\" height=\"384\" src=\"https:\/\/www.moblesurgell.com\/es\/wp-content\/uploads\/sites\/2\/mu-serveis-renders-1.jpg\" class=\"attachment-full size-full wp-image-334\" alt=\"\" srcset=\"https:\/\/www.moblesurgell.com\/es\/wp-content\/uploads\/sites\/2\/mu-serveis-renders-1.jpg 359w, https:\/\/www.moblesurgell.com\/es\/wp-content\/uploads\/sites\/2\/mu-serveis-renders-1-280x300.jpg 280w\" sizes=\"(max-width: 359px) 100vw, 359px\" \/>\t\t\t\t\t\t\t\t\t\t\t\t\t\t\t<\/div>\n\t\t\t\t<\/div>\n\t\t\t\t<div class=\"elementor-element elementor-element-fa4060f requadre-roig-linea-sotafoto elementor-widget elementor-widget-heading\" data-id=\"fa4060f\" data-element_type=\"widget\" data-e-type=\"widget\" data-widget_type=\"heading.default\">\n\t\t\t\t<div class=\"elementor-widget-container\">\n\t\t\t\t\t<h3 class=\"elementor-heading-title elementor-size-default\"> RENDERS 3D<\/h3>\t\t\t\t<\/div>\n\t\t\t\t<\/div>\n\t\t\t\t<div class=\"elementor-element elementor-element-6f7200f elementor-widget elementor-widget-text-editor\" data-id=\"6f7200f\" data-element_type=\"widget\" data-e-type=\"widget\" data-widget_type=\"text-editor.default\">\n\t\t\t\t<div class=\"elementor-widget-container\">\n\t\t\t\t\t\t\t\t\t<p>Mediante representaciones virtuales daremos vida a tu espacio.<\/p>\t\t\t\t\t\t\t\t<\/div>\n\t\t\t\t<\/div>\n\t\t\t\t\t<\/div>\n\t\t<\/div>\n\t\t\t\t<div class=\"has_ae_slider elementor-column elementor-col-33 elementor-top-column elementor-element elementor-element-c7b802a ae-bg-gallery-type-default\" data-id=\"c7b802a\" data-element_type=\"column\" data-e-type=\"column\">\n\t\t\t<div class=\"elementor-widget-wrap elementor-element-populated\">\n\t\t\t\t\t\t<div class=\"elementor-element elementor-element-0f97554 elementor-widget elementor-widget-image\" data-id=\"0f97554\" data-element_type=\"widget\" data-e-type=\"widget\" data-widget_type=\"image.default\">\n\t\t\t\t<div class=\"elementor-widget-container\">\n\t\t\t\t\t\t\t\t\t\t\t\t\t\t\t<img loading=\"lazy\" decoding=\"async\" width=\"359\" height=\"384\" src=\"https:\/\/www.moblesurgell.com\/es\/wp-content\/uploads\/sites\/2\/mu-serveis-acabats-materials-1.jpg\" class=\"attachment-full size-full wp-image-325\" alt=\"\" srcset=\"https:\/\/www.moblesurgell.com\/es\/wp-content\/uploads\/sites\/2\/mu-serveis-acabats-materials-1.jpg 359w, https:\/\/www.moblesurgell.com\/es\/wp-content\/uploads\/sites\/2\/mu-serveis-acabats-materials-1-280x300.jpg 280w\" sizes=\"(max-width: 359px) 100vw, 359px\" \/>\t\t\t\t\t\t\t\t\t\t\t\t\t\t\t<\/div>\n\t\t\t\t<\/div>\n\t\t\t\t<div class=\"elementor-element elementor-element-2bc24dc requadre-roig-linea-sotafoto elementor-widget elementor-widget-heading\" data-id=\"2bc24dc\" data-element_type=\"widget\" data-e-type=\"widget\" data-widget_type=\"heading.default\">\n\t\t\t\t<div class=\"elementor-widget-container\">\n\t\t\t\t\t<h3 class=\"elementor-heading-title elementor-size-default\">ACABADOS Y MATERIALES<\/h3>\t\t\t\t<\/div>\n\t\t\t\t<\/div>\n\t\t\t\t<div class=\"elementor-element elementor-element-3660942 elementor-widget elementor-widget-text-editor\" data-id=\"3660942\" data-element_type=\"widget\" data-e-type=\"widget\" data-widget_type=\"text-editor.default\">\n\t\t\t\t<div class=\"elementor-widget-container\">\n\t\t\t\t\t\t\t\t\t<p>Estamos en constante evoluci\u00f3n para poder presentarte las tendencias m\u00e1s actuales en el mundo del dise\u00f1o tanto en materiales como en acabados.<\/p>\t\t\t\t\t\t\t\t<\/div>\n\t\t\t\t<\/div>\n\t\t\t\t\t<\/div>\n\t\t<\/div>\n\t\t\t\t<div class=\"has_ae_slider elementor-column elementor-col-33 elementor-top-column elementor-element elementor-element-72b16ad ae-bg-gallery-type-default\" data-id=\"72b16ad\" data-element_type=\"column\" data-e-type=\"column\">\n\t\t\t<div class=\"elementor-widget-wrap elementor-element-populated\">\n\t\t\t\t\t\t<div class=\"elementor-element elementor-element-d9f2713 elementor-widget elementor-widget-image\" data-id=\"d9f2713\" data-element_type=\"widget\" data-e-type=\"widget\" data-widget_type=\"image.default\">\n\t\t\t\t<div class=\"elementor-widget-container\">\n\t\t\t\t\t\t\t\t\t\t\t\t\t\t\t<img loading=\"lazy\" decoding=\"async\" width=\"359\" height=\"384\" src=\"https:\/\/www.moblesurgell.com\/es\/wp-content\/uploads\/sites\/2\/mu-serveis-transport-muntatge-1.jpg\" class=\"attachment-full size-full wp-image-336\" alt=\"\" srcset=\"https:\/\/www.moblesurgell.com\/es\/wp-content\/uploads\/sites\/2\/mu-serveis-transport-muntatge-1.jpg 359w, https:\/\/www.moblesurgell.com\/es\/wp-content\/uploads\/sites\/2\/mu-serveis-transport-muntatge-1-280x300.jpg 280w\" sizes=\"(max-width: 359px) 100vw, 359px\" \/>\t\t\t\t\t\t\t\t\t\t\t\t\t\t\t<\/div>\n\t\t\t\t<\/div>\n\t\t\t\t<div class=\"elementor-element elementor-element-dcdc4ce requadre-roig-linea-sotafoto elementor-widget elementor-widget-heading\" data-id=\"dcdc4ce\" data-element_type=\"widget\" data-e-type=\"widget\" data-widget_type=\"heading.default\">\n\t\t\t\t<div class=\"elementor-widget-container\">\n\t\t\t\t\t<h3 class=\"elementor-heading-title elementor-size-default\">TRANSPORTE Y<br> MONTAJE PROFESIONAL<\/h3>\t\t\t\t<\/div>\n\t\t\t\t<\/div>\n\t\t\t\t<div class=\"elementor-element elementor-element-4f2d849 elementor-widget elementor-widget-text-editor\" data-id=\"4f2d849\" data-element_type=\"widget\" data-e-type=\"widget\" data-widget_type=\"text-editor.default\">\n\t\t\t\t<div class=\"elementor-widget-container\">\n\t\t\t\t\t\t\t\t\t<p>Gracias a nuestro servicio de transporte y montaje gratuito te ofrecemos una asistencia impecable hasta el \u00faltimo momento.&nbsp;<\/p>\t\t\t\t\t\t\t\t<\/div>\n\t\t\t\t<\/div>\n\t\t\t\t\t<\/div>\n\t\t<\/div>\n\t\t\t\t\t<\/div>\n\t\t<\/section>\n\t\t\t\t<section class=\"has_ae_slider elementor-section elementor-top-section elementor-element elementor-element-bb94406 seccion-contenido2 elementor-section-boxed elementor-section-height-default elementor-section-height-default ae-bg-gallery-type-default\" data-id=\"bb94406\" data-element_type=\"section\" data-e-type=\"section\">\n\t\t\t\t\t\t<div class=\"elementor-container elementor-column-gap-default\">\n\t\t\t\t\t<div class=\"has_ae_slider elementor-column elementor-col-33 elementor-top-column elementor-element elementor-element-7fd997f ae-bg-gallery-type-default\" data-id=\"7fd997f\" data-element_type=\"column\" data-e-type=\"column\">\n\t\t\t<div class=\"elementor-widget-wrap elementor-element-populated\">\n\t\t\t\t\t\t<div class=\"elementor-element elementor-element-1e2c95b elementor-widget elementor-widget-image\" data-id=\"1e2c95b\" data-element_type=\"widget\" data-e-type=\"widget\" data-widget_type=\"image.default\">\n\t\t\t\t<div class=\"elementor-widget-container\">\n\t\t\t\t\t\t\t\t\t\t\t\t\t\t\t<img loading=\"lazy\" decoding=\"async\" width=\"359\" height=\"384\" src=\"https:\/\/www.moblesurgell.com\/es\/wp-content\/uploads\/sites\/2\/mu-serveis-financcca7ament-1.jpg\" class=\"attachment-full size-full wp-image-329\" alt=\"\" srcset=\"https:\/\/www.moblesurgell.com\/es\/wp-content\/uploads\/sites\/2\/mu-serveis-financcca7ament-1.jpg 359w, https:\/\/www.moblesurgell.com\/es\/wp-content\/uploads\/sites\/2\/mu-serveis-financcca7ament-1-280x300.jpg 280w\" sizes=\"(max-width: 359px) 100vw, 359px\" \/>\t\t\t\t\t\t\t\t\t\t\t\t\t\t\t<\/div>\n\t\t\t\t<\/div>\n\t\t\t\t<div class=\"elementor-element elementor-element-45599c4 requadre-roig-linea-sotafoto elementor-widget elementor-widget-heading\" data-id=\"45599c4\" data-element_type=\"widget\" data-e-type=\"widget\" data-widget_type=\"heading.default\">\n\t\t\t\t<div class=\"elementor-widget-container\">\n\t\t\t\t\t<h3 class=\"elementor-heading-title elementor-size-default\">FINANCIACI\u00d3N<\/h3>\t\t\t\t<\/div>\n\t\t\t\t<\/div>\n\t\t\t\t<div class=\"elementor-element elementor-element-0d7fcca elementor-widget elementor-widget-text-editor\" data-id=\"0d7fcca\" data-element_type=\"widget\" data-e-type=\"widget\" data-widget_type=\"text-editor.default\">\n\t\t\t\t<div class=\"elementor-widget-container\">\n\t\t\t\t\t\t\t\t\t<p>Ofrecemos diferentes opciones de pago para que nada te impida equipar tu espacio con el mobiliario deseado.<\/p>\t\t\t\t\t\t\t\t<\/div>\n\t\t\t\t<\/div>\n\t\t\t\t\t<\/div>\n\t\t<\/div>\n\t\t\t\t<div class=\"has_ae_slider elementor-column elementor-col-33 elementor-top-column elementor-element elementor-element-5a86762 ae-bg-gallery-type-default\" data-id=\"5a86762\" data-element_type=\"column\" data-e-type=\"column\">\n\t\t\t<div class=\"elementor-widget-wrap elementor-element-populated\">\n\t\t\t\t\t\t<div class=\"elementor-element elementor-element-f6bd2d4 elementor-widget elementor-widget-image\" data-id=\"f6bd2d4\" data-element_type=\"widget\" data-e-type=\"widget\" data-widget_type=\"image.default\">\n\t\t\t\t<div class=\"elementor-widget-container\">\n\t\t\t\t\t\t\t\t\t\t\t\t\t\t\t<img loading=\"lazy\" decoding=\"async\" width=\"359\" height=\"384\" src=\"https:\/\/www.moblesurgell.com\/es\/wp-content\/uploads\/sites\/2\/mu-serveis-garantia-1.jpg\" class=\"attachment-full size-full wp-image-330\" alt=\"\" srcset=\"https:\/\/www.moblesurgell.com\/es\/wp-content\/uploads\/sites\/2\/mu-serveis-garantia-1.jpg 359w, https:\/\/www.moblesurgell.com\/es\/wp-content\/uploads\/sites\/2\/mu-serveis-garantia-1-280x300.jpg 280w\" sizes=\"(max-width: 359px) 100vw, 359px\" \/>\t\t\t\t\t\t\t\t\t\t\t\t\t\t\t<\/div>\n\t\t\t\t<\/div>\n\t\t\t\t<div class=\"elementor-element elementor-element-5f1f07e requadre-roig-linea-sotafoto elementor-widget elementor-widget-heading\" data-id=\"5f1f07e\" data-element_type=\"widget\" data-e-type=\"widget\" data-widget_type=\"heading.default\">\n\t\t\t\t<div class=\"elementor-widget-container\">\n\t\t\t\t\t<h3 class=\"elementor-heading-title elementor-size-default\">GARANT\u00cdA Y SERVICIO POST-VENTA<\/h3>\t\t\t\t<\/div>\n\t\t\t\t<\/div>\n\t\t\t\t<div class=\"elementor-element elementor-element-e1e7309 elementor-widget elementor-widget-text-editor\" data-id=\"e1e7309\" data-element_type=\"widget\" data-e-type=\"widget\" data-widget_type=\"text-editor.default\">\n\t\t\t\t<div class=\"elementor-widget-container\">\n\t\t\t\t\t\t\t\t\t<p>Avalados por m\u00e1s de 40 a\u00f1os en el sector y por la confianza de miles de clientes, garantizando una elevada calidad de los productos y un servicio de post-venta diferenciado.<\/p>\t\t\t\t\t\t\t\t<\/div>\n\t\t\t\t<\/div>\n\t\t\t\t\t<\/div>\n\t\t<\/div>\n\t\t\t\t<div class=\"has_ae_slider elementor-column elementor-col-33 elementor-top-column elementor-element elementor-element-d6d106d ae-bg-gallery-type-default\" data-id=\"d6d106d\" data-element_type=\"column\" data-e-type=\"column\">\n\t\t\t<div class=\"elementor-widget-wrap\">\n\t\t\t\t\t\t\t<\/div>\n\t\t<\/div>\n\t\t\t\t\t<\/div>\n\t\t<\/section>\n\t\t\t\t<\/div>\n\t\t","protected":false},"excerpt":{"rendered":"<p>Nuestros servicios adaptados a tus necesidades Servicios para nuestros clientes Nuestra larga trayectoria en el sector y la adaptaci\u00f3n constante a las demandas de los clientes nos ha permitido estar siempre en vanguardia del dise\u00f1o y seguir aumentando nuestro abanico de servicios, que incluye tanto mobiliario dom\u00e9stico, comercial y de oficinas, como cocinas o proyectos &#8230; <a title=\"Servicios Particulares\" class=\"read-more\" href=\"https:\/\/www.moblesurgell.com\/es\/servicios-particulares\/\" aria-label=\"Leer m\u00e1s sobre Servicios Particulares\">Leer m\u00e1s<\/a><\/p>\n","protected":false},"author":1,"featured_media":0,"parent":0,"menu_order":0,"comment_status":"closed","ping_status":"closed","template":"","meta":{"_acf_changed":false,"footnotes":""},"class_list":["post-57","page","type-page","status-publish"],"acf":[],"_links":{"self":[{"href":"https:\/\/www.moblesurgell.com\/es\/wp-json\/wp\/v2\/pages\/57","targetHints":{"allow":["GET"]}}],"collection":[{"href":"https:\/\/www.moblesurgell.com\/es\/wp-json\/wp\/v2\/pages"}],"about":[{"href":"https:\/\/www.moblesurgell.com\/es\/wp-json\/wp\/v2\/types\/page"}],"author":[{"embeddable":true,"href":"https:\/\/www.moblesurgell.com\/es\/wp-json\/wp\/v2\/users\/1"}],"replies":[{"embeddable":true,"href":"https:\/\/www.moblesurgell.com\/es\/wp-json\/wp\/v2\/comments?post=57"}],"version-history":[{"count":18,"href":"https:\/\/www.moblesurgell.com\/es\/wp-json\/wp\/v2\/pages\/57\/revisions"}],"predecessor-version":[{"id":2532,"href":"https:\/\/www.moblesurgell.com\/es\/wp-json\/wp\/v2\/pages\/57\/revisions\/2532"}],"wp:attachment":[{"href":"https:\/\/www.moblesurgell.com\/es\/wp-json\/wp\/v2\/media?parent=57"}],"curies":[{"name":"wp","href":"https:\/\/api.w.org\/{rel}","templated":true}]}}